{"id":51815,"date":"2026-07-20T09:40:15","date_gmt":"2026-07-20T09:40:15","guid":{"rendered":"https:\/\/www.asesoriaorihuelacosta.com\/entreprises-et-pme\/cotisations-sociales\/"},"modified":"2026-07-20T09:40:15","modified_gmt":"2026-07-20T09:40:15","slug":"cotisations-sociales","status":"publish","type":"page","link":"https:\/\/www.asesoriaorihuelacosta.com\/fr\/entreprises-et-pme\/cotisations-sociales\/","title":{"rendered":"Cotisations sociales"},"content":{"rendered":"\t\t<div data-elementor-type=\"wp-page\" data-elementor-id=\"51815\" class=\"elementor elementor-51815\" data-elementor-post-type=\"page\">\n\t\t\t\t\t\t<section data-particle_enable=\"false\" data-particle-mobile-disabled=\"false\" class=\"elementor-section elementor-top-section elementor-element elementor-element-480ead8 elementor-section-height-min-height elementor-section-full_width elementor-section-stretched elementor-section-height-default elementor-section-items-middle\" data-id=\"480ead8\" data-element_type=\"section\" data-e-type=\"section\" data-settings=\"{&quot;background_background&quot;:&quot;gradient&quot;,&quot;shape_divider_bottom&quot;:&quot;waves&quot;,&quot;stretch_section&quot;:&quot;section-stretched&quot;}\">\r\n\t\t\t\t\t\t<div class=\"elementor-background-overlay\"><\/div>\r\n\t\t\t\t\t<div class=\"elementor-shape elementor-shape-bottom\" data-negative=\"false\">\r\n\t\t\t<svg xmlns=\"http:\/\/www.w3.org\/2000\/svg\" viewBox=\"0 0 1000 100\" preserveAspectRatio=\"none\">\n\t<path class=\"elementor-shape-fill\" d=\"M421.9,6.5c22.6-2.5,51.5,0.4,75.5,5.3c23.6,4.9,70.9,23.5,100.5,35.7c75.8,32.2,133.7,44.5,192.6,49.7\n\tc23.6,2.1,48.7,3.5,103.4-2.5c54.7-6,106.2-25.6,106.2-25.6V0H0v30.3c0,0,72,32.6,158.4,30.5c39.2-0.7,92.8-6.7,134-22.4\n\tc21.2-8.1,52.2-18.2,79.7-24.2C399.3,7.9,411.6,7.5,421.9,6.5z\"\/>\n<\/svg>\t\t<\/div>\r\n\t\t\r\n\t\t\t\t\t\t\t<div class=\"elementor-container elementor-column-gap-default\">\r\n\t\t\t\t\t\t\t\t\t\t\t<div class=\"elementor-column elementor-col-100 elementor-top-column elementor-element elementor-element-69c22ee2\" data-id=\"69c22ee2\" data-element_type=\"column\" data-e-type=\"column\">\r\n\t\t\t\t\t<div class=\"elementor-widget-wrap elementor-element-populated\">\r\n\t\t\t\t\t\t\t\t<div class=\"elementor-element elementor-element-61e021ac elementor-widget elementor-widget-heading\" data-id=\"61e021ac\" data-element_type=\"widget\" data-e-type=\"widget\" data-widget_type=\"heading.default\">\n\t\t\t\t<div class=\"elementor-widget-container\">\n\t\t\t\t\t<h1 class=\"elementor-heading-title elementor-size-default\">Gestion des cotisations sociales pour les entreprises\n<\/h1>\t\t\t\t<\/div>\n\t\t\t\t<\/div>\n\t\t\t\t<div class=\"elementor-element elementor-element-351422a3 elementor-widget elementor-widget-heading\" data-id=\"351422a3\" data-element_type=\"widget\" data-e-type=\"widget\" data-widget_type=\"heading.default\">\n\t\t\t\t<div class=\"elementor-widget-container\">\n\t\t\t\t\t<p class=\"elementor-heading-title elementor-size-default\">Nous g\u00e9rons les cotisations et les liquidations mensuelles de votre entreprise, en coordonnant les bulletins de paie, les bases de cotisation, le RLC, le RNT et les incidents avec la Seguridad Social.<\/p>\t\t\t\t<\/div>\n\t\t\t\t<\/div>\n\t\t\t\t<div class=\"elementor-element elementor-element-da2e21d elementor-widget elementor-widget-heading\" data-id=\"da2e21d\" data-element_type=\"widget\" data-e-type=\"widget\" data-widget_type=\"heading.default\">\n\t\t\t\t<div class=\"elementor-widget-container\">\n\t\t\t\t\t<p class=\"elementor-heading-title elementor-size-default\">Syst\u00e8me RED \u00b7 RLC et RNT \u00b7 Cotisations \u00b7 Incidents TGSS \u00b7 Entreprises et ind\u00e9pendants avec salari\u00e9s<\/p>\t\t\t\t<\/div>\n\t\t\t\t<\/div>\n\t\t\t\t<div class=\"elementor-element elementor-element-376c0ed elementor-widget__width-initial elementor-fixed elementor-hidden-desktop elementor-hidden-tablet elementor-hidden-mobile elementor-widget elementor-widget-button\" data-id=\"376c0ed\" data-element_type=\"widget\" data-e-type=\"widget\" data-settings=\"{&quot;_position&quot;:&quot;fixed&quot;}\" data-widget_type=\"button.default\">\n\t\t\t\t<div class=\"elementor-widget-container\">\n\t\t\t\t\t\t\t\t\t<div class=\"elementor-button-wrapper\">\n\t\t\t\t\t<a class=\"elementor-button elementor-button-link elementor-size-md\" href=\"#\">\n\t\t\t\t\t\t<span class=\"elementor-button-content-wrapper\">\n\t\t\t\t\t\t<span class=\"elementor-button-icon\">\n\t\t\t\t<i aria-hidden=\"true\" class=\"fas fa-envelope\"><\/i>\t\t\t<\/span>\n\t\t\t\t\t\t\t\t<\/span>\n\t\t\t\t\t<\/a>\n\t\t\t\t<\/div>\n\t\t\t\t\t\t\t\t<\/div>\n\t\t\t\t<\/div>\n\t\t\t\t\t<\/div>\r\n\t\t\t\t<\/div>\r\n\t\t\t\t\t<\/div>\r\n\t\t\t\t<\/section>\r\n\t\t\t\t<section data-particle_enable=\"false\" data-particle-mobile-disabled=\"false\" class=\"elementor-section elementor-top-section elementor-element elementor-element-d2d9535 elementor-section-boxed elementor-section-height-default elementor-section-height-default\" data-id=\"d2d9535\" data-element_type=\"section\" data-e-type=\"section\" id=\"formulario\">\r\n\t\t\r\n\t\t\t\t\t\t\t<div class=\"elementor-container elementor-column-gap-default\">\r\n\t\t\t\t\t\t\t\t\t\t\t<div class=\"elementor-column elementor-col-50 elementor-top-column elementor-element elementor-element-ba589c5\" data-id=\"ba589c5\" data-element_type=\"column\" data-e-type=\"column\">\r\n\t\t\t\t\t<div class=\"elementor-widget-wrap elementor-element-populated\">\r\n\t\t\t\t\t\t\t\t<div class=\"elementor-element elementor-element-55467f5 elementor-widget elementor-widget-heading\" data-id=\"55467f5\" data-element_type=\"widget\" data-e-type=\"widget\" data-widget_type=\"heading.default\">\n\t\t\t\t<div class=\"elementor-widget-container\">\n\t\t\t\t\t<p class=\"elementor-heading-title elementor-size-default\">Vos cotisations sociales \u00e0 jour<\/p>\t\t\t\t<\/div>\n\t\t\t\t<\/div>\n\t\t\t\t<div class=\"elementor-element elementor-element-88394cf elementor-headline--style-highlight elementor-widget elementor-widget-animated-headline\" data-id=\"88394cf\" data-element_type=\"widget\" data-e-type=\"widget\" data-settings=\"{&quot;marker&quot;:&quot;underline&quot;,&quot;highlighted_text&quot;:&quot;sin complicaciones&quot;,&quot;headline_style&quot;:&quot;highlight&quot;,&quot;loop&quot;:&quot;yes&quot;,&quot;highlight_animation_duration&quot;:1200,&quot;highlight_iteration_delay&quot;:8000}\" data-widget_type=\"animated-headline.default\">\n\t\t\t\t<div class=\"elementor-widget-container\">\n\t\t\t\t\t\t\t<p class=\"elementor-headline\">\n\t\t\t\t<span class=\"elementor-headline-dynamic-wrapper elementor-headline-text-wrapper\">\n\t\t\t\t\t<span class=\"elementor-headline-dynamic-text elementor-headline-text-active\">sin complicaciones<\/span>\n\t\t\t\t<\/span>\n\t\t\t\t<\/p>\n\t\t\t\t\t\t<\/div>\n\t\t\t\t<\/div>\n\t\t\t\t<div class=\"elementor-element elementor-element-7cb4481 elementor-widget elementor-widget-heading\" data-id=\"7cb4481\" data-element_type=\"widget\" data-e-type=\"widget\" data-widget_type=\"heading.default\">\n\t\t\t\t<div class=\"elementor-widget-container\">\n\t\t\t\t\t<p class=\"elementor-heading-title elementor-size-default\">Nous contr\u00f4lons les cotisations, les liquidations et les incidents afin que votre entreprise soit en r\u00e8gle chaque mois.<\/p>\t\t\t\t<\/div>\n\t\t\t\t<\/div>\n\t\t\t\t\t<\/div>\r\n\t\t\t\t<\/div>\r\n\t\t\t\t<div class=\"elementor-column elementor-col-50 elementor-top-column elementor-element elementor-element-931335d\" data-id=\"931335d\" data-element_type=\"column\" data-e-type=\"column\" data-settings=\"{&quot;background_background&quot;:&quot;classic&quot;}\">\r\n\t\t\t\t\t<div class=\"elementor-widget-wrap elementor-element-populated\">\r\n\t\t\t\t\t\t\t\t<div class=\"elementor-element elementor-element-e45d4df elementor-widget elementor-widget-heading\" data-id=\"e45d4df\" data-element_type=\"widget\" data-e-type=\"widget\" data-widget_type=\"heading.default\">\n\t\t\t\t<div class=\"elementor-widget-container\">\n\t\t\t\t\t<div class=\"elementor-heading-title elementor-size-default\">Demandez un devis pour les cotisations sociales<\/div>\t\t\t\t<\/div>\n\t\t\t\t<\/div>\n\t\t\t\t<div class=\"elementor-element elementor-element-d9cb9b1 formulario-2025 eael-contact-form-7-button-align-left eael-contact-form-7-button-custom elementor-widget elementor-widget-eael-contact-form-7\" data-id=\"d9cb9b1\" data-element_type=\"widget\" data-e-type=\"widget\" data-widget_type=\"eael-contact-form-7.default\">\n\t\t\t\t<div class=\"elementor-widget-container\">\n\t\t\t\t\t<div class=\"eael-contact-form-7-wrapper\">\n                <div class=\"eael-contact-form eael-contact-form-7 eael-contact-form-d9cb9b1 placeholder-show eael-custom-radio-checkbox eael-contact-form-align-default\">\n<div class=\"wpcf7 no-js\" id=\"wpcf7-f4270-o1\" lang=\"es-ES\" dir=\"ltr\" data-wpcf7-id=\"4270\">\n<div class=\"screen-reader-response\"><p role=\"status\" aria-live=\"polite\" aria-atomic=\"true\"><\/p> <ul><\/ul><\/div>\n<form action=\"\/fr\/wp-json\/wp\/v2\/pages\/51815#wpcf7-f4270-o1\" method=\"post\" class=\"wpcf7-form init e244ac153a49 cmatic-conn cmatic-aud-2 cmatic-mapd0-0 cmatic-098109 cmatic-sent-0 cmatic-total-0\" aria-label=\"Formulario de contacto\" novalidate=\"novalidate\" data-status=\"init\">\n<fieldset class=\"hidden-fields-container\"><input type=\"hidden\" name=\"_wpcf7\" value=\"4270\" \/><input type=\"hidden\" name=\"_wpcf7_version\" value=\"6.1.6\" \/><input type=\"hidden\" name=\"_wpcf7_locale\" value=\"es_ES\" \/><input type=\"hidden\" name=\"_wpcf7_unit_tag\" value=\"wpcf7-f4270-o1\" \/><input type=\"hidden\" name=\"_wpcf7_container_post\" value=\"0\" \/><input type=\"hidden\" name=\"_wpcf7_posted_data_hash\" value=\"\" \/><input type=\"hidden\" name=\"_wpcf7_recaptcha_response\" value=\"\" \/>\n<\/fieldset>\n<span class=\"wpcf7-form-control-wrap\" data-name=\"nombre\"><input size=\"40\" maxlength=\"400\" class=\"wpcf7-form-control wpcf7-text wpcf7-validates-as-required big-input\" aria-required=\"true\" aria-invalid=\"false\" placeholder=\"Nombre *\" value=\"\" type=\"text\" name=\"nombre\" \/><\/span><span class=\"wpcf7-form-control-wrap\" data-name=\"telefono\"><input size=\"40\" maxlength=\"400\" class=\"wpcf7-form-control wpcf7-tel wpcf7-validates-as-required wpcf7-text wpcf7-validates-as-tel big-input\" aria-required=\"true\" aria-invalid=\"false\" placeholder=\"Tel\u00e9fono*\" value=\"\" type=\"tel\" name=\"telefono\" \/><\/span><span class=\"wpcf7-form-control-wrap\" data-name=\"email\"><input size=\"40\" maxlength=\"400\" class=\"wpcf7-form-control wpcf7-email wpcf7-validates-as-required wpcf7-text wpcf7-validates-as-email big-input\" aria-required=\"true\" aria-invalid=\"false\" placeholder=\"Email*\" value=\"\" type=\"email\" name=\"email\" \/><\/span>\n\n\n<div style=\"clear: both; height: 16px;\"><\/div>\n\n<div class=\"form-second\">\n  <span class=\"wpcf7-form-control-wrap\" data-name=\"message\"><textarea cols=\"40\" rows=\"10\" maxlength=\"2000\" class=\"wpcf7-form-control wpcf7-textarea big-textarea\" aria-invalid=\"false\" placeholder=\"Describe tu situaci\u00f3n para valorar c\u00f3mo podemos ayudarte\n.\" name=\"message\"><\/textarea><\/span>\n<\/div>\n<div><span class=\"wpcf7-form-control-wrap\" data-name=\"aceptacion\"><span class=\"wpcf7-form-control wpcf7-acceptance\"><span class=\"wpcf7-list-item\"><input type=\"checkbox\" name=\"aceptacion\" value=\"1\" aria-invalid=\"false\" \/><\/span><\/span><\/span>Acepto la <a href=\"https:\/\/www.asesoriaorihuelacosta.com\/politica-de-privacidad\/\">pol\u00edtica de privacidad<\/a>*<\/div>\n<div><span class=\"wpcf7-form-control-wrap\" data-name=\"my-gdpr1\"><span class=\"wpcf7-form-control wpcf7-acceptance optional\"><span class=\"wpcf7-list-item\"><input type=\"checkbox\" name=\"my-gdpr1\" value=\"1\" aria-invalid=\"false\" \/><\/span><\/span><\/span>Acepto recibir informaci\u00f3n comercial<\/div>\n\n<div class=\"col-md-12\">\n  <input class=\"wpcf7-form-control wpcf7-hidden clientify_cookie\" value=\"\" type=\"hidden\" name=\"clientify_cookie\" \/><input class=\"wpcf7-form-control wpcf7-submit has-spinner btn btn-transparent-dark-gray btn-large\" type=\"submit\" value=\"Enviar consulta\" \/>\n\n<\/div><div class=\"wpcf7-response-output\" aria-hidden=\"true\"><\/div>\n<\/form>\n<\/div>\n<\/div>\n            <\/div>\t\t\t\t<\/div>\n\t\t\t\t<\/div>\n\t\t\t\t\t<\/div>\r\n\t\t\t\t<\/div>\r\n\t\t\t\t\t<\/div>\r\n\t\t\t\t<\/section>\r\n\t\t\t\t<section data-particle_enable=\"false\" data-particle-mobile-disabled=\"false\" class=\"elementor-section elementor-top-section elementor-element elementor-element-7b4fec9 elementor-section-boxed elementor-section-height-default elementor-section-height-default\" data-id=\"7b4fec9\" data-element_type=\"section\" data-e-type=\"section\">\r\n\t\t\r\n\t\t\t\t\t\t\t<div class=\"elementor-container elementor-column-gap-default\">\r\n\t\t\t\t\t\t\t\t\t\t\t<div class=\"elementor-column elementor-col-100 elementor-top-column elementor-element elementor-element-13a44a2\" data-id=\"13a44a2\" data-element_type=\"column\" data-e-type=\"column\">\r\n\t\t\t\t\t<div class=\"elementor-widget-wrap elementor-element-populated\">\r\n\t\t\t\t\t\t\t\t<div class=\"elementor-element elementor-element-136b038 elementor-widget elementor-widget-spacer\" data-id=\"136b038\" data-element_type=\"widget\" data-e-type=\"widget\" data-widget_type=\"spacer.default\">\n\t\t\t\t<div class=\"elementor-widget-container\">\n\t\t\t\t\t\t\t<div class=\"elementor-spacer\">\n\t\t\t<div class=\"elementor-spacer-inner\"><\/div>\n\t\t<\/div>\n\t\t\t\t\t\t<\/div>\n\t\t\t\t<\/div>\n\t\t\t\t\t<\/div>\r\n\t\t\t\t<\/div>\r\n\t\t\t\t\t<\/div>\r\n\t\t\t\t<\/section>\r\n\t\t\t\t<section data-particle_enable=\"false\" data-particle-mobile-disabled=\"false\" class=\"elementor-section elementor-top-section elementor-element elementor-element-38da03c elementor-section-boxed elementor-section-height-default elementor-section-height-default\" data-id=\"38da03c\" data-element_type=\"section\" data-e-type=\"section\">\r\n\t\t\r\n\t\t\t\t\t\t\t<div class=\"elementor-container elementor-column-gap-default\">\r\n\t\t\t\t\t\t\t\t\t\t\t<div class=\"elementor-column elementor-col-100 elementor-top-column elementor-element elementor-element-315c483\" data-id=\"315c483\" data-element_type=\"column\" data-e-type=\"column\">\r\n\t\t\t\t\t<div class=\"elementor-widget-wrap elementor-element-populated\">\r\n\t\t\t\t\t\t\t\t<section data-particle_enable=\"false\" data-particle-mobile-disabled=\"false\" class=\"elementor-section elementor-inner-section elementor-element elementor-element-60212acf elementor-section-full_width elementor-section-height-default elementor-section-height-default\" data-id=\"60212acf\" data-element_type=\"section\" data-e-type=\"section\">\r\n\t\t\r\n\t\t\t\t\t\t\t<div class=\"elementor-container elementor-column-gap-default\">\r\n\t\t\t\t\t\t\t\t\t\t\t<div class=\"elementor-column elementor-col-100 elementor-inner-column elementor-element elementor-element-32fe26ee\" data-id=\"32fe26ee\" data-element_type=\"column\" data-e-type=\"column\">\r\n\t\t\t\t\t<div class=\"elementor-widget-wrap elementor-element-populated\">\r\n\t\t\t\t\t\t\t\t<div class=\"elementor-element elementor-element-6eb26c56 elementor-widget elementor-widget-heading\" data-id=\"6eb26c56\" data-element_type=\"widget\" data-e-type=\"widget\" data-widget_type=\"heading.default\">\n\t\t\t\t<div class=\"elementor-widget-container\">\n\t\t\t\t\t<p class=\"elementor-heading-title elementor-size-default\">Obligations en mati\u00e8re d'emploi des entreprises et des ind\u00e9pendants avec salari\u00e9s<\/p>\t\t\t\t<\/div>\n\t\t\t\t<\/div>\n\t\t\t\t<div class=\"elementor-element elementor-element-782bad8a elementor-widget elementor-widget-heading\" data-id=\"782bad8a\" data-element_type=\"widget\" data-e-type=\"widget\" data-widget_type=\"heading.default\">\n\t\t\t\t<div class=\"elementor-widget-container\">\n\t\t\t\t\t<h2 class=\"elementor-heading-title elementor-size-default\">Quelles obligations une entreprise a-t-elle envers la Seguridad Social<\/h2>\t\t\t\t<\/div>\n\t\t\t\t<\/div>\n\t\t\t\t<div class=\"elementor-element elementor-element-261ac877 elementor-widget elementor-widget-text-editor\" data-id=\"261ac877\" data-element_type=\"widget\" data-e-type=\"widget\" data-widget_type=\"text-editor.default\">\n\t\t\t\t<div class=\"elementor-widget-container\">\n\t\t\t\t\t\t\t\t\t<p data-start=\"1730\" data-end=\"2061\">Lorsqu&rsquo;une entreprise ou un ind\u00e9pendant embauche des salari\u00e9s, il ne suffit pas de payer le bulletin de paie. Il doit \u00e9galement remplir correctement ses obligations envers la Seguridad Social : affiliations, radiations, modifications de donn\u00e9es, cotisation mensuelle, communication des incidents, liquidation des cotisations et conservation de la documentation en mati\u00e8re d&#8217;emploi.<\/p><p data-start=\"2063\" data-end=\"2385\">Les employeurs sont tenus de demander l&rsquo;affiliation des personnes qui entrent \u00e0 leur service si elles ne sont pas encore affili\u00e9es au syst\u00e8me, et la gestion des entreprises comprend des d\u00e9marches telles que l&rsquo;inscription, les affiliations, les radiations, la cotisation, le recouvrement et les paiements \u00e0 la Seguridad Social.<\/p><p data-start=\"2387\" data-end=\"2639\">Chez <strong data-start=\"2390\" data-end=\"2417\">Asesor\u00eda Orihuela Costa<\/strong>, nous aidons les entreprises, PME et ind\u00e9pendants avec salari\u00e9s \u00e0 g\u00e9rer ces obligations de mani\u00e8re ordonn\u00e9e, en coordonnant les informations sur les bulletins de paie, les contrats, le temps de travail, les arr\u00eats maladie, les bases de cotisation et les incidents mensuels.<\/p>\t\t\t\t\t\t\t\t<\/div>\n\t\t\t\t<\/div>\n\t\t\t\t\t<\/div>\r\n\t\t\t\t<\/div>\r\n\t\t\t\t\t<\/div>\r\n\t\t\t\t<\/section>\r\n\t\t\t\t<div class=\"elementor-element elementor-element-a9a9c3c elementor-widget elementor-widget-heading\" data-id=\"a9a9c3c\" data-element_type=\"widget\" data-e-type=\"widget\" data-widget_type=\"heading.default\">\n\t\t\t\t<div class=\"elementor-widget-container\">\n\t\t\t\t\t<p class=\"elementor-heading-title elementor-size-default\">Notre travail consiste \u00e0 transformer ces obligations en une gestion mensuelle ma\u00eetris\u00e9e, en \u00e9vitant les erreurs, les retards, les majorations et les incidents avec la Tr\u00e9sorerie g\u00e9n\u00e9rale de la Seguridad Social (Tesorer\u00eda General de la Seguridad Social).<\/p>\t\t\t\t<\/div>\n\t\t\t\t<\/div>\n\t\t\t\t\t<\/div>\r\n\t\t\t\t<\/div>\r\n\t\t\t\t\t<\/div>\r\n\t\t\t\t<\/section>\r\n\t\t\t\t<section data-particle_enable=\"false\" data-particle-mobile-disabled=\"false\" class=\"elementor-section elementor-top-section elementor-element elementor-element-5f14f50f elementor-section-stretched elementor-section-boxed elementor-section-height-default elementor-section-height-default\" data-id=\"5f14f50f\" data-element_type=\"section\" data-e-type=\"section\" data-settings=\"{&quot;background_background&quot;:&quot;classic&quot;,&quot;stretch_section&quot;:&quot;section-stretched&quot;}\">\r\n\t\t\t\t\t\t<div class=\"elementor-background-overlay\"><\/div>\r\n\t\t\t\r\n\t\t\t\t\t\t\t<div class=\"elementor-container elementor-column-gap-default\">\r\n\t\t\t\t\t\t\t\t\t\t\t<div class=\"elementor-column elementor-col-100 elementor-top-column elementor-element elementor-element-f17a2bd\" data-id=\"f17a2bd\" data-element_type=\"column\" data-e-type=\"column\">\r\n\t\t\t\t\t<div class=\"elementor-widget-wrap elementor-element-populated\">\r\n\t\t\t\t\t\t\t\t<section data-particle_enable=\"false\" data-particle-mobile-disabled=\"false\" class=\"elementor-section elementor-inner-section elementor-element elementor-element-62cb217 elementor-section-full_width elementor-section-height-default elementor-section-height-default\" data-id=\"62cb217\" data-element_type=\"section\" data-e-type=\"section\">\r\n\t\t\r\n\t\t\t\t\t\t\t<div class=\"elementor-container elementor-column-gap-default\">\r\n\t\t\t\t\t\t\t\t\t\t\t<div class=\"elementor-column elementor-col-100 elementor-inner-column elementor-element elementor-element-cb997f0\" data-id=\"cb997f0\" data-element_type=\"column\" data-e-type=\"column\">\r\n\t\t\t\t\t<div class=\"elementor-widget-wrap elementor-element-populated\">\r\n\t\t\t\t\t\t\t\t<div class=\"elementor-element elementor-element-261bc99 elementor-widget elementor-widget-heading\" data-id=\"261bc99\" data-element_type=\"widget\" data-e-type=\"widget\" data-widget_type=\"heading.default\">\n\t\t\t\t<div class=\"elementor-widget-container\">\n\t\t\t\t\t<p class=\"elementor-heading-title elementor-size-default\">Gestion du travail et Seguridad Social pour les entreprises\n<\/p>\t\t\t\t<\/div>\n\t\t\t\t<\/div>\n\t\t\t\t<div class=\"elementor-element elementor-element-fd84d5d elementor-widget elementor-widget-heading\" data-id=\"fd84d5d\" data-element_type=\"widget\" data-e-type=\"widget\" data-widget_type=\"heading.default\">\n\t\t\t\t<div class=\"elementor-widget-container\">\n\t\t\t\t\t<h2 class=\"elementor-heading-title elementor-size-default\">Obligations envers la Seguridad Social bien g\u00e9r\u00e9es d\u00e8s le premier mois<\/h2>\t\t\t\t<\/div>\n\t\t\t\t<\/div>\n\t\t\t\t<div class=\"elementor-element elementor-element-101ae2f elementor-widget elementor-widget-text-editor\" data-id=\"101ae2f\" data-element_type=\"widget\" data-e-type=\"widget\" data-widget_type=\"text-editor.default\">\n\t\t\t\t<div class=\"elementor-widget-container\">\n\t\t\t\t\t\t\t\t\t<p data-start=\"1095\" data-end=\"1350\">Les cotisations sociales ne sont pas seulement un paiement mensuel. Chaque liquidation doit \u00eatre coordonn\u00e9e avec les bulletins de paie, les contrats, les bases de cotisation, les affiliations, les radiations, les modifications du temps de travail et les incidents en mati\u00e8re d&#8217;emploi de chaque salari\u00e9.<\/p><p data-start=\"1352\" data-end=\"1612\">Chez <strong data-start=\"1355\" data-end=\"1382\">Asesor\u00eda Orihuela Costa<\/strong>, nous aidons les entreprises, PME et ind\u00e9pendants avec salari\u00e9s \u00e0 g\u00e9rer leurs obligations envers la Seguridad Social de mani\u00e8re ordonn\u00e9e, en r\u00e9visant chaque mois les informations n\u00e9cessaires pour \u00e9viter les erreurs, les majorations et les incidents administratifs.<\/p>\t\t\t\t\t\t\t\t<\/div>\n\t\t\t\t<\/div>\n\t\t\t\t\t<\/div>\r\n\t\t\t\t<\/div>\r\n\t\t\t\t\t<\/div>\r\n\t\t\t\t<\/section>\r\n\t\t\t\t<section data-particle_enable=\"false\" data-particle-mobile-disabled=\"false\" class=\"elementor-section elementor-inner-section elementor-element elementor-element-7da3839b horizontal-tablet elementor-section-boxed elementor-section-height-default elementor-section-height-default\" data-id=\"7da3839b\" data-element_type=\"section\" data-e-type=\"section\" data-settings=\"{&quot;motion_fx_motion_fx_scrolling&quot;:&quot;yes&quot;,&quot;motion_fx_translateY_effect&quot;:&quot;yes&quot;,&quot;motion_fx_translateY_speed&quot;:{&quot;unit&quot;:&quot;px&quot;,&quot;size&quot;:&quot;1&quot;,&quot;sizes&quot;:[]},&quot;motion_fx_translateY_affectedRange&quot;:{&quot;unit&quot;:&quot;%&quot;,&quot;size&quot;:&quot;&quot;,&quot;sizes&quot;:{&quot;start&quot;:&quot;0&quot;,&quot;end&quot;:&quot;50&quot;}},&quot;motion_fx_opacity_effect&quot;:&quot;yes&quot;,&quot;motion_fx_opacity_range&quot;:{&quot;unit&quot;:&quot;%&quot;,&quot;size&quot;:&quot;&quot;,&quot;sizes&quot;:{&quot;start&quot;:&quot;0&quot;,&quot;end&quot;:&quot;50&quot;}},&quot;motion_fx_devices&quot;:[&quot;desktop&quot;],&quot;motion_fx_opacity_direction&quot;:&quot;out-in&quot;,&quot;motion_fx_opacity_level&quot;:{&quot;unit&quot;:&quot;px&quot;,&quot;size&quot;:10,&quot;sizes&quot;:[]}}\">\r\n\t\t\r\n\t\t\t\t\t\t\t<div class=\"elementor-container elementor-column-gap-default\">\r\n\t\t\t\t\t\t\t\t\t\t\t<div class=\"elementor-column elementor-col-33 elementor-inner-column elementor-element elementor-element-6ff67fc1\" data-id=\"6ff67fc1\" data-element_type=\"column\" data-e-type=\"column\" data-settings=\"{&quot;background_background&quot;:&quot;classic&quot;}\">\r\n\t\t\t\t\t<div class=\"elementor-widget-wrap elementor-element-populated\">\r\n\t\t\t\t\t\t\t\t<div class=\"elementor-element elementor-element-17c3470b elementor-position-top elementor-widget elementor-widget-image-box\" data-id=\"17c3470b\" data-element_type=\"widget\" data-e-type=\"widget\" data-widget_type=\"image-box.default\">\n\t\t\t\t<div class=\"elementor-widget-container\">\n\t\t\t\t\t<div class=\"elementor-image-box-wrapper\"><figure class=\"elementor-image-box-img\"><img loading=\"lazy\" decoding=\"async\" width=\"500\" height=\"440\" src=\"https:\/\/www.asesoriaorihuelacosta.com\/wp-content\/uploads\/2025\/07\/documento-dinero.png\" class=\"attachment-full size-full wp-image-43888\" alt=\"\" srcset=\"https:\/\/www.asesoriaorihuelacosta.com\/wp-content\/uploads\/2025\/07\/documento-dinero.png 500w, https:\/\/www.asesoriaorihuelacosta.com\/wp-content\/uploads\/2025\/07\/documento-dinero-400x352.png 400w\" sizes=\"auto, (max-width: 500px) 100vw, 500px\" \/><\/figure><div class=\"elementor-image-box-content\"><h3 class=\"elementor-image-box-title\">Liquidation mensuelle des cotisations sociales<\/h3><p class=\"elementor-image-box-description\">Nous pr\u00e9parons et r\u00e9visons les liquidations mensuelles de cotisation afin que l'entreprise respecte dans les d\u00e9lais ses obligations envers la Seguridad Social.\nNous coordonnons les informations sur les bulletins de paie, les salari\u00e9s, les bases de cotisation et les incidents en mati\u00e8re d'emploi avant de confirmer chaque liquidation.<\/p><\/div><\/div>\t\t\t\t<\/div>\n\t\t\t\t<\/div>\n\t\t\t\t<div class=\"elementor-element elementor-element-bb2c23c elementor-align-left elementor-mobile-align-center elementor-widget elementor-widget-button\" data-id=\"bb2c23c\" data-element_type=\"widget\" data-e-type=\"widget\" data-widget_type=\"button.default\">\n\t\t\t\t<div class=\"elementor-widget-container\">\n\t\t\t\t\t\t\t\t\t<div class=\"elementor-button-wrapper\">\n\t\t\t\t\t<a class=\"elementor-button elementor-button-link elementor-size-sm elementor-animation-grow\" href=\"https:\/\/www.asesoriaorihuelacosta.com\/asesoria-laboral-online\/\">\n\t\t\t\t\t\t<span class=\"elementor-button-content-wrapper\">\n\t\t\t\t\t\t<span class=\"elementor-button-icon\">\n\t\t\t\t<i aria-hidden=\"true\" class=\"fas fa-arrow-right\"><\/i>\t\t\t<\/span>\n\t\t\t\t\t\t\t\t\t<span class=\"elementor-button-text\">En savoir plus<\/span>\n\t\t\t\t\t<\/span>\n\t\t\t\t\t<\/a>\n\t\t\t\t<\/div>\n\t\t\t\t\t\t\t\t<\/div>\n\t\t\t\t<\/div>\n\t\t\t\t\t<\/div>\r\n\t\t\t\t<\/div>\r\n\t\t\t\t<div class=\"elementor-column elementor-col-33 elementor-inner-column elementor-element elementor-element-f9d2c06\" data-id=\"f9d2c06\" data-element_type=\"column\" data-e-type=\"column\" data-settings=\"{&quot;background_background&quot;:&quot;classic&quot;}\">\r\n\t\t\t\t\t<div class=\"elementor-widget-wrap elementor-element-populated\">\r\n\t\t\t\t\t\t\t\t<div class=\"elementor-element elementor-element-143fe26 elementor-position-top elementor-widget elementor-widget-image-box\" data-id=\"143fe26\" data-element_type=\"widget\" data-e-type=\"widget\" data-widget_type=\"image-box.default\">\n\t\t\t\t<div class=\"elementor-widget-container\">\n\t\t\t\t\t<div class=\"elementor-image-box-wrapper\"><figure class=\"elementor-image-box-img\"><img loading=\"lazy\" decoding=\"async\" width=\"500\" height=\"440\" src=\"https:\/\/www.asesoriaorihuelacosta.com\/wp-content\/uploads\/2025\/07\/asesoria-online.png\" class=\"attachment-full size-full wp-image-43906\" alt=\"\" srcset=\"https:\/\/www.asesoriaorihuelacosta.com\/wp-content\/uploads\/2025\/07\/asesoria-online.png 500w, https:\/\/www.asesoriaorihuelacosta.com\/wp-content\/uploads\/2025\/07\/asesoria-online-400x352.png 400w\" sizes=\"auto, (max-width: 500px) 100vw, 500px\" \/><\/figure><div class=\"elementor-image-box-content\"><h3 class=\"elementor-image-box-title\">Syst\u00e8me RED, RLC et RNT<\/h3><p class=\"elementor-image-box-description\">Nous g\u00e9rons les d\u00e9marches t\u00e9l\u00e9matiques n\u00e9cessaires avec la Seguridad Social via les syst\u00e8mes habilit\u00e9s pour les entreprises et les autoris\u00e9s RED.\nNous contr\u00f4lons la documentation associ\u00e9e aux liquidations, comme le RLC et le RNT, afin que l'entreprise dispose de ses justificatifs correctement organis\u00e9s.<\/p><\/div><\/div>\t\t\t\t<\/div>\n\t\t\t\t<\/div>\n\t\t\t\t<div class=\"elementor-element elementor-element-349d0db elementor-align-left elementor-mobile-align-center elementor-widget elementor-widget-button\" data-id=\"349d0db\" data-element_type=\"widget\" data-e-type=\"widget\" data-widget_type=\"button.default\">\n\t\t\t\t<div class=\"elementor-widget-container\">\n\t\t\t\t\t\t\t\t\t<div class=\"elementor-button-wrapper\">\n\t\t\t\t\t<a class=\"elementor-button elementor-button-link elementor-size-sm elementor-animation-grow\" href=\"#formulario\">\n\t\t\t\t\t\t<span class=\"elementor-button-content-wrapper\">\n\t\t\t\t\t\t<span class=\"elementor-button-icon\">\n\t\t\t\t<i aria-hidden=\"true\" class=\"fas fa-arrow-right\"><\/i>\t\t\t<\/span>\n\t\t\t\t\t\t\t\t\t<span class=\"elementor-button-text\">Demander des informations<\/span>\n\t\t\t\t\t<\/span>\n\t\t\t\t\t<\/a>\n\t\t\t\t<\/div>\n\t\t\t\t\t\t\t\t<\/div>\n\t\t\t\t<\/div>\n\t\t\t\t\t<\/div>\r\n\t\t\t\t<\/div>\r\n\t\t\t\t<div class=\"elementor-column elementor-col-33 elementor-inner-column elementor-element elementor-element-1bfdb67\" data-id=\"1bfdb67\" data-element_type=\"column\" data-e-type=\"column\" data-settings=\"{&quot;background_background&quot;:&quot;classic&quot;}\">\r\n\t\t\t\t\t<div class=\"elementor-widget-wrap elementor-element-populated\">\r\n\t\t\t\t\t\t\t\t<div class=\"elementor-element elementor-element-f66fcf5 elementor-position-top elementor-widget elementor-widget-image-box\" data-id=\"f66fcf5\" data-element_type=\"widget\" data-e-type=\"widget\" data-widget_type=\"image-box.default\">\n\t\t\t\t<div class=\"elementor-widget-container\">\n\t\t\t\t\t<div class=\"elementor-image-box-wrapper\"><figure class=\"elementor-image-box-img\"><img loading=\"lazy\" decoding=\"async\" width=\"500\" height=\"440\" src=\"https:\/\/www.asesoriaorihuelacosta.com\/wp-content\/uploads\/2025\/07\/asesoria-laboral.png\" class=\"attachment-full size-full wp-image-43879\" alt=\"\" srcset=\"https:\/\/www.asesoriaorihuelacosta.com\/wp-content\/uploads\/2025\/07\/asesoria-laboral.png 500w, https:\/\/www.asesoriaorihuelacosta.com\/wp-content\/uploads\/2025\/07\/asesoria-laboral-400x352.png 400w\" sizes=\"auto, (max-width: 500px) 100vw, 500px\" \/><\/figure><div class=\"elementor-image-box-content\"><h3 class=\"elementor-image-box-title\">Bases de cotisation et co\u00fbts du travail<\/h3><p class=\"elementor-image-box-description\">Nous v\u00e9rifions que les bases de cotisation sont coordonn\u00e9es avec les bulletins de paie, les contrats, les horaires, les r\u00e9mun\u00e9rations variables et les situations professionnelles de chaque salari\u00e9.\nUne gestion correcte permet de mieux conna\u00eetre le co\u00fbt du travail mensuel et de r\u00e9duire les erreurs dans les cotisations.\n<\/p><\/div><\/div>\t\t\t\t<\/div>\n\t\t\t\t<\/div>\n\t\t\t\t<div class=\"elementor-element elementor-element-e864fb7 elementor-align-left elementor-mobile-align-center elementor-widget elementor-widget-button\" data-id=\"e864fb7\" data-element_type=\"widget\" data-e-type=\"widget\" data-widget_type=\"button.default\">\n\t\t\t\t<div class=\"elementor-widget-container\">\n\t\t\t\t\t\t\t\t\t<div class=\"elementor-button-wrapper\">\n\t\t\t\t\t<a class=\"elementor-button elementor-button-link elementor-size-sm elementor-animation-grow\" href=\"https:\/\/www.asesoriaorihuelacosta.com\/asesoria-y-gestoria-fiscal\/\">\n\t\t\t\t\t\t<span class=\"elementor-button-content-wrapper\">\n\t\t\t\t\t\t<span class=\"elementor-button-icon\">\n\t\t\t\t<i aria-hidden=\"true\" class=\"fas fa-arrow-right\"><\/i>\t\t\t<\/span>\n\t\t\t\t\t\t\t\t\t<span class=\"elementor-button-text\">En savoir plus<\/span>\n\t\t\t\t\t<\/span>\n\t\t\t\t\t<\/a>\n\t\t\t\t<\/div>\n\t\t\t\t\t\t\t\t<\/div>\n\t\t\t\t<\/div>\n\t\t\t\t\t<\/div>\r\n\t\t\t\t<\/div>\r\n\t\t\t\t\t<\/div>\r\n\t\t\t\t<\/section>\r\n\t\t\t\t<section data-particle_enable=\"false\" data-particle-mobile-disabled=\"false\" class=\"elementor-section elementor-inner-section elementor-element elementor-element-78439f8 elementor-section-boxed elementor-section-height-default elementor-section-height-default\" data-id=\"78439f8\" data-element_type=\"section\" data-e-type=\"section\" data-settings=\"{&quot;motion_fx_motion_fx_scrolling&quot;:&quot;yes&quot;,&quot;motion_fx_translateY_effect&quot;:&quot;yes&quot;,&quot;motion_fx_translateY_speed&quot;:{&quot;unit&quot;:&quot;px&quot;,&quot;size&quot;:&quot;1&quot;,&quot;sizes&quot;:[]},&quot;motion_fx_translateY_affectedRange&quot;:{&quot;unit&quot;:&quot;%&quot;,&quot;size&quot;:&quot;&quot;,&quot;sizes&quot;:{&quot;start&quot;:&quot;0&quot;,&quot;end&quot;:&quot;50&quot;}},&quot;motion_fx_opacity_effect&quot;:&quot;yes&quot;,&quot;motion_fx_opacity_range&quot;:{&quot;unit&quot;:&quot;%&quot;,&quot;size&quot;:&quot;&quot;,&quot;sizes&quot;:{&quot;start&quot;:&quot;0&quot;,&quot;end&quot;:&quot;50&quot;}},&quot;motion_fx_devices&quot;:[&quot;desktop&quot;],&quot;motion_fx_opacity_direction&quot;:&quot;out-in&quot;,&quot;motion_fx_opacity_level&quot;:{&quot;unit&quot;:&quot;px&quot;,&quot;size&quot;:10,&quot;sizes&quot;:[]}}\">\r\n\t\t\r\n\t\t\t\t\t\t\t<div class=\"elementor-container elementor-column-gap-default\">\r\n\t\t\t\t\t\t\t\t\t\t\t<div class=\"elementor-column elementor-col-50 elementor-inner-column elementor-element elementor-element-f4360eb\" data-id=\"f4360eb\" data-element_type=\"column\" data-e-type=\"column\" data-settings=\"{&quot;background_background&quot;:&quot;classic&quot;}\">\r\n\t\t\t\t\t<div class=\"elementor-widget-wrap elementor-element-populated\">\r\n\t\t\t\t\t\t\t\t<div class=\"elementor-element elementor-element-359a697 elementor-position-top elementor-widget elementor-widget-image-box\" data-id=\"359a697\" data-element_type=\"widget\" data-e-type=\"widget\" data-widget_type=\"image-box.default\">\n\t\t\t\t<div class=\"elementor-widget-container\">\n\t\t\t\t\t<div class=\"elementor-image-box-wrapper\"><figure class=\"elementor-image-box-img\"><img loading=\"lazy\" decoding=\"async\" width=\"500\" height=\"440\" src=\"https:\/\/www.asesoriaorihuelacosta.com\/wp-content\/uploads\/2025\/07\/documento-lupa-lapiz.png\" class=\"attachment-full size-full wp-image-43891\" alt=\"\" srcset=\"https:\/\/www.asesoriaorihuelacosta.com\/wp-content\/uploads\/2025\/07\/documento-lupa-lapiz.png 500w, https:\/\/www.asesoriaorihuelacosta.com\/wp-content\/uploads\/2025\/07\/documento-lupa-lapiz-400x352.png 400w\" sizes=\"auto, (max-width: 500px) 100vw, 500px\" \/><\/figure><div class=\"elementor-image-box-content\"><h3 class=\"elementor-image-box-title\">Incidents avec la Seguridad Social<\/h3><p class=\"elementor-image-box-description\">Nous aidons \u00e0 r\u00e9soudre les incidents li\u00e9s aux cotisations, aux salari\u00e9s, aux modifications, aux liquidations, aux re\u00e7us, aux doublons ou aux communications avec la Tr\u00e9sorerie g\u00e9n\u00e9rale de la Seguridad Social (Tesorer\u00eda General de la Seguridad Social).\nL'objectif est d'agir rapidement et d'\u00e9viter qu'un incident mensuel ne se transforme en un probl\u00e8me plus grave.<\/p><\/div><\/div>\t\t\t\t<\/div>\n\t\t\t\t<\/div>\n\t\t\t\t<div class=\"elementor-element elementor-element-f41232c elementor-align-left elementor-mobile-align-center elementor-widget elementor-widget-button\" data-id=\"f41232c\" data-element_type=\"widget\" data-e-type=\"widget\" data-widget_type=\"button.default\">\n\t\t\t\t<div class=\"elementor-widget-container\">\n\t\t\t\t\t\t\t\t\t<div class=\"elementor-button-wrapper\">\n\t\t\t\t\t<a class=\"elementor-button elementor-button-link elementor-size-sm elementor-animation-grow\" href=\"https:\/\/www.asesoriaorihuelacosta.com\/asesoria-y-gestoria-fiscal\/\">\n\t\t\t\t\t\t<span class=\"elementor-button-content-wrapper\">\n\t\t\t\t\t\t<span class=\"elementor-button-icon\">\n\t\t\t\t<i aria-hidden=\"true\" class=\"fas fa-arrow-right\"><\/i>\t\t\t<\/span>\n\t\t\t\t\t\t\t\t\t<span class=\"elementor-button-text\">Demander des informations<\/span>\n\t\t\t\t\t<\/span>\n\t\t\t\t\t<\/a>\n\t\t\t\t<\/div>\n\t\t\t\t\t\t\t\t<\/div>\n\t\t\t\t<\/div>\n\t\t\t\t\t<\/div>\r\n\t\t\t\t<\/div>\r\n\t\t\t\t<div class=\"elementor-column elementor-col-50 elementor-inner-column elementor-element elementor-element-0a35f79\" data-id=\"0a35f79\" data-element_type=\"column\" data-e-type=\"column\" data-settings=\"{&quot;background_background&quot;:&quot;classic&quot;}\">\r\n\t\t\t\t\t<div class=\"elementor-widget-wrap elementor-element-populated\">\r\n\t\t\t\t\t\t\t\t<div class=\"elementor-element elementor-element-88077d6 elementor-position-top elementor-widget elementor-widget-image-box\" data-id=\"88077d6\" data-element_type=\"widget\" data-e-type=\"widget\" data-widget_type=\"image-box.default\">\n\t\t\t\t<div class=\"elementor-widget-container\">\n\t\t\t\t\t<div class=\"elementor-image-box-wrapper\"><figure class=\"elementor-image-box-img\"><img loading=\"lazy\" decoding=\"async\" width=\"500\" height=\"440\" src=\"https:\/\/www.asesoriaorihuelacosta.com\/wp-content\/uploads\/2025\/07\/gestor-engranaje.png\" class=\"attachment-full size-full wp-image-43897\" alt=\"\" srcset=\"https:\/\/www.asesoriaorihuelacosta.com\/wp-content\/uploads\/2025\/07\/gestor-engranaje.png 500w, https:\/\/www.asesoriaorihuelacosta.com\/wp-content\/uploads\/2025\/07\/gestor-engranaje-400x352.png 400w\" sizes=\"auto, (max-width: 500px) 100vw, 500px\" \/><\/figure><div class=\"elementor-image-box-content\"><h3 class=\"elementor-image-box-title\">Coordination avec les bulletins de paie et la gestion du travail<\/h3><p class=\"elementor-image-box-description\">Les cotisations sociales doivent \u00eatre li\u00e9es \u00e0 la gestion des bulletins de paie, des affiliations, des radiations, des contrats, des changements de temps de travail, des arr\u00eats maladie et des autres incidents en mati\u00e8re d'emploi.\nC'est pourquoi nous traitons la Seguridad Social comme partie d'une gestion du travail compl\u00e8te, et non comme une d\u00e9marche isol\u00e9e.<\/p><\/div><\/div>\t\t\t\t<\/div>\n\t\t\t\t<\/div>\n\t\t\t\t<div class=\"elementor-element elementor-element-3362634 elementor-align-left elementor-mobile-align-center elementor-widget elementor-widget-button\" data-id=\"3362634\" data-element_type=\"widget\" data-e-type=\"widget\" data-widget_type=\"button.default\">\n\t\t\t\t<div class=\"elementor-widget-container\">\n\t\t\t\t\t\t\t\t\t<div class=\"elementor-button-wrapper\">\n\t\t\t\t\t<a class=\"elementor-button elementor-button-link elementor-size-sm elementor-animation-grow\" href=\"#formulario\">\n\t\t\t\t\t\t<span class=\"elementor-button-content-wrapper\">\n\t\t\t\t\t\t<span class=\"elementor-button-icon\">\n\t\t\t\t<i aria-hidden=\"true\" class=\"fas fa-arrow-right\"><\/i>\t\t\t<\/span>\n\t\t\t\t\t\t\t\t\t<span class=\"elementor-button-text\">Demander des informations<\/span>\n\t\t\t\t\t<\/span>\n\t\t\t\t\t<\/a>\n\t\t\t\t<\/div>\n\t\t\t\t\t\t\t\t<\/div>\n\t\t\t\t<\/div>\n\t\t\t\t\t<\/div>\r\n\t\t\t\t<\/div>\r\n\t\t\t\t\t<\/div>\r\n\t\t\t\t<\/section>\r\n\t\t\t\t<section data-particle_enable=\"false\" data-particle-mobile-disabled=\"false\" class=\"elementor-section elementor-inner-section elementor-element elementor-element-0bc87cd elementor-section-full_width elementor-section-height-default elementor-section-height-default\" data-id=\"0bc87cd\" data-element_type=\"section\" data-e-type=\"section\">\r\n\t\t\r\n\t\t\t\t\t\t\t<div class=\"elementor-container elementor-column-gap-default\">\r\n\t\t\t\t\t\t\t\t\t\t\t<div class=\"elementor-column elementor-col-100 elementor-inner-column elementor-element elementor-element-92ac9e3\" data-id=\"92ac9e3\" data-element_type=\"column\" data-e-type=\"column\">\r\n\t\t\t\t\t<div class=\"elementor-widget-wrap elementor-element-populated\">\r\n\t\t\t\t\t\t\t\t<div class=\"elementor-element elementor-element-cec5b0a elementor-widget elementor-widget-heading\" data-id=\"cec5b0a\" data-element_type=\"widget\" data-e-type=\"widget\" data-widget_type=\"heading.default\">\n\t\t\t\t<div class=\"elementor-widget-container\">\n\t\t\t\t\t<p class=\"elementor-heading-title elementor-size-default\">Notre fa\u00e7on de travailler\n<\/p>\t\t\t\t<\/div>\n\t\t\t\t<\/div>\n\t\t\t\t<div class=\"elementor-element elementor-element-9461b59 elementor-widget elementor-widget-heading\" data-id=\"9461b59\" data-element_type=\"widget\" data-e-type=\"widget\" data-widget_type=\"heading.default\">\n\t\t\t\t<div class=\"elementor-widget-container\">\n\t\t\t\t\t<h2 class=\"elementor-heading-title elementor-size-default\">Comment nous travaillons chaque mois pour \u00e9viter les erreurs et les incidents<\/h2>\t\t\t\t<\/div>\n\t\t\t\t<\/div>\n\t\t\t\t<div class=\"elementor-element elementor-element-c041273 elementor-widget elementor-widget-text-editor\" data-id=\"c041273\" data-element_type=\"widget\" data-e-type=\"widget\" data-widget_type=\"text-editor.default\">\n\t\t\t\t<div class=\"elementor-widget-container\">\n\t\t\t\t\t\t\t\t\t<p data-start=\"642\" data-end=\"946\">La gestion des cotisations sociales exige du contr\u00f4le, de la r\u00e9vision et une communication continue avec l&rsquo;entreprise. Il ne s&rsquo;agit pas seulement de pr\u00e9senter une liquidation, mais de v\u00e9rifier que les informations en mati\u00e8re d&#8217;emploi du mois sont correctement mises \u00e0 jour avant de confirmer les cotisations et la documentation.<\/p><p data-start=\"948\" data-end=\"1135\">Chez <strong data-start=\"951\" data-end=\"978\">Asesor\u00eda Orihuela Costa<\/strong>, nous travaillons avec des entreprises, des PME et des ind\u00e9pendants avec salari\u00e9s qui ont besoin d&rsquo;une gestion du travail ordonn\u00e9e, proche et coordonn\u00e9e avec leurs obligations mensuelles.<\/p>\t\t\t\t\t\t\t\t<\/div>\n\t\t\t\t<\/div>\n\t\t\t\t\t<\/div>\r\n\t\t\t\t<\/div>\r\n\t\t\t\t\t<\/div>\r\n\t\t\t\t<\/section>\r\n\t\t\t\t\t<\/div>\r\n\t\t\t\t<\/div>\r\n\t\t\t\t\t<\/div>\r\n\t\t\t\t<\/section>\r\n\t\t\t\t<section data-particle_enable=\"false\" data-particle-mobile-disabled=\"false\" class=\"elementor-section elementor-top-section elementor-element elementor-element-63b9c44 elementor-section-stretched elementor-section-boxed elementor-section-height-default elementor-section-height-default\" data-id=\"63b9c44\" data-element_type=\"section\" data-e-type=\"section\" data-settings=\"{&quot;background_background&quot;:&quot;classic&quot;,&quot;stretch_section&quot;:&quot;section-stretched&quot;}\">\r\n\t\t\t\t\t\t<div class=\"elementor-background-overlay\"><\/div>\r\n\t\t\t\r\n\t\t\t\t\t\t\t<div class=\"elementor-container elementor-column-gap-default\">\r\n\t\t\t\t\t\t\t\t\t\t\t<div class=\"elementor-column elementor-col-50 elementor-top-column elementor-element elementor-element-a7de5ec\" data-id=\"a7de5ec\" data-element_type=\"column\" data-e-type=\"column\" data-settings=\"{&quot;background_background&quot;:&quot;classic&quot;}\">\r\n\t\t\t\t\t<div class=\"elementor-widget-wrap elementor-element-populated\">\r\n\t\t\t\t\t\t\t\t<div class=\"elementor-element elementor-element-394fdff elementor-widget elementor-widget-heading\" data-id=\"394fdff\" data-element_type=\"widget\" data-e-type=\"widget\" data-widget_type=\"heading.default\">\n\t\t\t\t<div class=\"elementor-widget-container\">\n\t\t\t\t\t<div class=\"elementor-heading-title elementor-size-default\">1. R\u00e9vision mensuelle avant la liquidation\n<\/div>\t\t\t\t<\/div>\n\t\t\t\t<\/div>\n\t\t\t\t<div class=\"elementor-element elementor-element-e6d610f elementor-widget elementor-widget-text-editor\" data-id=\"e6d610f\" data-element_type=\"widget\" data-e-type=\"widget\" data-widget_type=\"text-editor.default\">\n\t\t\t\t<div class=\"elementor-widget-container\">\n\t\t\t\t\t\t\t\t\t<p>Avant de confirmer les cotisations sociales, nous r\u00e9visons les informations en mati\u00e8re d&#8217;emploi du mois afin de d\u00e9tecter d&rsquo;\u00e9ventuels changements, incidents ou donn\u00e9es pouvant affecter la cotisation.<\/p>\t\t\t\t\t\t\t\t<\/div>\n\t\t\t\t<\/div>\n\t\t\t\t\t<\/div>\r\n\t\t\t\t<\/div>\r\n\t\t\t\t<div class=\"elementor-column elementor-col-50 elementor-top-column elementor-element elementor-element-aecb24e\" data-id=\"aecb24e\" data-element_type=\"column\" data-e-type=\"column\" data-settings=\"{&quot;background_background&quot;:&quot;classic&quot;}\">\r\n\t\t\t\t\t<div class=\"elementor-widget-wrap elementor-element-populated\">\r\n\t\t\t\t\t\t\t\t<div class=\"elementor-element elementor-element-b5e223f elementor-widget elementor-widget-heading\" data-id=\"b5e223f\" data-element_type=\"widget\" data-e-type=\"widget\" data-widget_type=\"heading.default\">\n\t\t\t\t<div class=\"elementor-widget-container\">\n\t\t\t\t\t<div class=\"elementor-heading-title elementor-size-default\">2. Communication claire avec l'entreprise\n<\/div>\t\t\t\t<\/div>\n\t\t\t\t<\/div>\n\t\t\t\t<div class=\"elementor-element elementor-element-88ebd12 elementor-widget elementor-widget-text-editor\" data-id=\"88ebd12\" data-element_type=\"widget\" data-e-type=\"widget\" data-widget_type=\"text-editor.default\">\n\t\t\t\t<div class=\"elementor-widget-container\">\n\t\t\t\t\t\t\t\t\t<p>Nous vous demandons les informations n\u00e9cessaires de mani\u00e8re ordonn\u00e9e et nous vous pr\u00e9venons lorsqu&rsquo;un incident en mati\u00e8re d&#8217;emploi peut affecter les bulletins de paie, les cotisations ou les co\u00fbts du travail.<\/p>\t\t\t\t\t\t\t\t<\/div>\n\t\t\t\t<\/div>\n\t\t\t\t\t<\/div>\r\n\t\t\t\t<\/div>\r\n\t\t\t\t\t<\/div>\r\n\t\t\t\t<\/section>\r\n\t\t\t\t<section data-particle_enable=\"false\" data-particle-mobile-disabled=\"false\" class=\"elementor-section elementor-top-section elementor-element elementor-element-1d09318 elementor-section-stretched elementor-section-boxed elementor-section-height-default elementor-section-height-default\" data-id=\"1d09318\" data-element_type=\"section\" data-e-type=\"section\" data-settings=\"{&quot;background_background&quot;:&quot;classic&quot;,&quot;stretch_section&quot;:&quot;section-stretched&quot;}\">\r\n\t\t\t\t\t\t<div class=\"elementor-background-overlay\"><\/div>\r\n\t\t\t\r\n\t\t\t\t\t\t\t<div class=\"elementor-container elementor-column-gap-default\">\r\n\t\t\t\t\t\t\t\t\t\t\t<div class=\"elementor-column elementor-col-50 elementor-top-column elementor-element elementor-element-d63e085\" data-id=\"d63e085\" data-element_type=\"column\" data-e-type=\"column\" data-settings=\"{&quot;background_background&quot;:&quot;classic&quot;}\">\r\n\t\t\t\t\t<div class=\"elementor-widget-wrap elementor-element-populated\">\r\n\t\t\t\t\t\t\t\t<div class=\"elementor-element elementor-element-f23ed59 elementor-widget elementor-widget-heading\" data-id=\"f23ed59\" data-element_type=\"widget\" data-e-type=\"widget\" data-widget_type=\"heading.default\">\n\t\t\t\t<div class=\"elementor-widget-container\">\n\t\t\t\t\t<div class=\"elementor-heading-title elementor-size-default\">3. Documentation organis\u00e9e\n<\/div>\t\t\t\t<\/div>\n\t\t\t\t<\/div>\n\t\t\t\t<div class=\"elementor-element elementor-element-053936f elementor-widget elementor-widget-text-editor\" data-id=\"053936f\" data-element_type=\"widget\" data-e-type=\"widget\" data-widget_type=\"text-editor.default\">\n\t\t\t\t<div class=\"elementor-widget-container\">\n\t\t\t\t\t\t\t\t\t<p>Nous gardons sous contr\u00f4le la documentation relative aux liquidations, aux justificatifs, aux salari\u00e9s et aux communications, afin que l&rsquo;entreprise dispose des informations localis\u00e9es lorsqu&rsquo;elle en a besoin.<\/p>\t\t\t\t\t\t\t\t<\/div>\n\t\t\t\t<\/div>\n\t\t\t\t\t<\/div>\r\n\t\t\t\t<\/div>\r\n\t\t\t\t<div class=\"elementor-column elementor-col-50 elementor-top-column elementor-element elementor-element-43a6bb0\" data-id=\"43a6bb0\" data-element_type=\"column\" data-e-type=\"column\" data-settings=\"{&quot;background_background&quot;:&quot;classic&quot;}\">\r\n\t\t\t\t\t<div class=\"elementor-widget-wrap elementor-element-populated\">\r\n\t\t\t\t\t\t\t\t<div class=\"elementor-element elementor-element-be57b72 elementor-widget elementor-widget-heading\" data-id=\"be57b72\" data-element_type=\"widget\" data-e-type=\"widget\" data-widget_type=\"heading.default\">\n\t\t\t\t<div class=\"elementor-widget-container\">\n\t\t\t\t\t<div class=\"elementor-heading-title elementor-size-default\">4. Conseil en emploi de proximit\u00e9<\/div>\t\t\t\t<\/div>\n\t\t\t\t<\/div>\n\t\t\t\t<div class=\"elementor-element elementor-element-fea21c7 elementor-widget elementor-widget-text-editor\" data-id=\"fea21c7\" data-element_type=\"widget\" data-e-type=\"widget\" data-widget_type=\"text-editor.default\">\n\t\t\t\t<div class=\"elementor-widget-container\">\n\t\t\t\t\t\t\t\t\t<p>Nous sommes un cabinet local et multilingue, avec de l&rsquo;exp\u00e9rience aupr\u00e8s des entreprises et des ind\u00e9pendants, qui comprend la gestion du travail comme une partie essentielle du fonctionnement quotidien de l&rsquo;entreprise.<\/p>\t\t\t\t\t\t\t\t<\/div>\n\t\t\t\t<\/div>\n\t\t\t\t\t<\/div>\r\n\t\t\t\t<\/div>\r\n\t\t\t\t\t<\/div>\r\n\t\t\t\t<\/section>\r\n\t\t\t\t<section data-particle_enable=\"false\" data-particle-mobile-disabled=\"false\" class=\"elementor-section elementor-top-section elementor-element elementor-element-9b26f86 elementor-section-boxed elementor-section-height-default elementor-section-height-default\" data-id=\"9b26f86\" data-element_type=\"section\" data-e-type=\"section\">\r\n\t\t\r\n\t\t\t\t\t\t\t<div class=\"elementor-container elementor-column-gap-default\">\r\n\t\t\t\t\t\t\t\t\t\t\t<div class=\"elementor-column elementor-col-100 elementor-top-column elementor-element elementor-element-9f3e1d8\" data-id=\"9f3e1d8\" data-element_type=\"column\" data-e-type=\"column\">\r\n\t\t\t\t\t<div class=\"elementor-widget-wrap elementor-element-populated\">\r\n\t\t\t\t\t\t\t\t<div class=\"elementor-element elementor-element-fc53265 elementor-widget elementor-widget-heading\" data-id=\"fc53265\" data-element_type=\"widget\" data-e-type=\"widget\" data-widget_type=\"heading.default\">\n\t\t\t\t<div class=\"elementor-widget-container\">\n\t\t\t\t\t<h2 class=\"elementor-heading-title elementor-size-default\">Questions fr\u00e9quentes sur la gestion des cotisations sociales<\/h2>\t\t\t\t<\/div>\n\t\t\t\t<\/div>\n\t\t\t\t\t<\/div>\r\n\t\t\t\t<\/div>\r\n\t\t\t\t\t<\/div>\r\n\t\t\t\t<\/section>\r\n\t\t\t\t<section data-particle_enable=\"false\" data-particle-mobile-disabled=\"false\" class=\"elementor-section elementor-top-section elementor-element elementor-element-db3989d elementor-section-boxed elementor-section-height-default elementor-section-height-default\" data-id=\"db3989d\" data-element_type=\"section\" data-e-type=\"section\">\r\n\t\t\r\n\t\t\t\t\t\t\t<div class=\"elementor-container elementor-column-gap-default\">\r\n\t\t\t\t\t\t\t\t\t\t\t<div class=\"elementor-column elementor-col-100 elementor-top-column elementor-element elementor-element-5c1866f\" data-id=\"5c1866f\" data-element_type=\"column\" data-e-type=\"column\">\r\n\t\t\t\t\t<div class=\"elementor-widget-wrap elementor-element-populated\">\r\n\t\t\t\t\t\t\t\t<div class=\"elementor-element elementor-element-1f8c2db elementor-widget elementor-widget-accordion\" data-id=\"1f8c2db\" data-element_type=\"widget\" data-e-type=\"widget\" data-widget_type=\"accordion.default\">\n\t\t\t\t<div class=\"elementor-widget-container\">\n\t\t\t\t\t\t\t<div class=\"elementor-accordion\">\n\t\t\t\t\t\t\t<div class=\"elementor-accordion-item\">\n\t\t\t\t\t<h3 id=\"elementor-tab-title-3301\" class=\"elementor-tab-title\" data-tab=\"1\" role=\"button\" aria-controls=\"elementor-tab-content-3301\" aria-expanded=\"false\">\n\t\t\t\t\t\t\t\t\t\t\t\t\t<span class=\"elementor-accordion-icon elementor-accordion-icon-left\" aria-hidden=\"true\">\n\t\t\t\t\t\t\t\t\t\t\t\t\t\t\t<span class=\"elementor-accordion-icon-closed\"><i class=\"fas fa-plus\"><\/i><\/span>\n\t\t\t\t\t\t\t\t<span class=\"elementor-accordion-icon-opened\"><i class=\"fas fa-minus\"><\/i><\/span>\n\t\t\t\t\t\t\t\t\t\t\t\t\t\t<\/span>\n\t\t\t\t\t\t\t\t\t\t\t\t<a class=\"elementor-accordion-title\" tabindex=\"0\">Que sont les cotisations sociales d'une entreprise ?<\/a>\n\t\t\t\t\t<\/h3>\n\t\t\t\t\t<div id=\"elementor-tab-content-3301\" class=\"elementor-tab-content elementor-clearfix\" data-tab=\"1\" role=\"region\" aria-labelledby=\"elementor-tab-title-3301\"><p>Les cotisations sociales sont les cotisations que l&rsquo;entreprise doit verser \u00e0 la Seguridad Social pour ses salari\u00e9s. Elles sont li\u00e9es aux bulletins de paie, aux bases de cotisation, aux contrats, aux horaires et aux incidents en mati\u00e8re d&#8217;emploi de chaque mois.<\/p><\/div>\n\t\t\t\t<\/div>\n\t\t\t\t\t\t\t<div class=\"elementor-accordion-item\">\n\t\t\t\t\t<h3 id=\"elementor-tab-title-3302\" class=\"elementor-tab-title\" data-tab=\"2\" role=\"button\" aria-controls=\"elementor-tab-content-3302\" aria-expanded=\"false\">\n\t\t\t\t\t\t\t\t\t\t\t\t\t<span class=\"elementor-accordion-icon elementor-accordion-icon-left\" aria-hidden=\"true\">\n\t\t\t\t\t\t\t\t\t\t\t\t\t\t\t<span class=\"elementor-accordion-icon-closed\"><i class=\"fas fa-plus\"><\/i><\/span>\n\t\t\t\t\t\t\t\t<span class=\"elementor-accordion-icon-opened\"><i class=\"fas fa-minus\"><\/i><\/span>\n\t\t\t\t\t\t\t\t\t\t\t\t\t\t<\/span>\n\t\t\t\t\t\t\t\t\t\t\t\t<a class=\"elementor-accordion-title\" tabindex=\"0\">Qu'inclut la gestion des cotisations sociales ?<\/a>\n\t\t\t\t\t<\/h3>\n\t\t\t\t\t<div id=\"elementor-tab-content-3302\" class=\"elementor-tab-content elementor-clearfix\" data-tab=\"2\" role=\"region\" aria-labelledby=\"elementor-tab-title-3302\"><p>Elle comprend la r\u00e9vision des cotisations, les liquidations mensuelles, la documentation RLC et RNT, les incidents avec la Seguridad Social, les bases de cotisation et la coordination avec les bulletins de paie, les affiliations, les radiations et les modifications des salari\u00e9s.<\/p><\/div>\n\t\t\t\t<\/div>\n\t\t\t\t\t\t\t<div class=\"elementor-accordion-item\">\n\t\t\t\t\t<h3 id=\"elementor-tab-title-3303\" class=\"elementor-tab-title\" data-tab=\"3\" role=\"button\" aria-controls=\"elementor-tab-content-3303\" aria-expanded=\"false\">\n\t\t\t\t\t\t\t\t\t\t\t\t\t<span class=\"elementor-accordion-icon elementor-accordion-icon-left\" aria-hidden=\"true\">\n\t\t\t\t\t\t\t\t\t\t\t\t\t\t\t<span class=\"elementor-accordion-icon-closed\"><i class=\"fas fa-plus\"><\/i><\/span>\n\t\t\t\t\t\t\t\t<span class=\"elementor-accordion-icon-opened\"><i class=\"fas fa-minus\"><\/i><\/span>\n\t\t\t\t\t\t\t\t\t\t\t\t\t\t<\/span>\n\t\t\t\t\t\t\t\t\t\t\t\t<a class=\"elementor-accordion-title\" tabindex=\"0\">Les cotisations sociales sont-elles li\u00e9es aux bulletins de paie ?<\/a>\n\t\t\t\t\t<\/h3>\n\t\t\t\t\t<div id=\"elementor-tab-content-3303\" class=\"elementor-tab-content elementor-clearfix\" data-tab=\"3\" role=\"region\" aria-labelledby=\"elementor-tab-title-3303\"><p>Oui. Le bulletin de paie et les cotisations sociales doivent \u00eatre coordonn\u00e9s. Un changement de salaire, de temps de travail, un arr\u00eat maladie, une affiliation, une radiation ou une modification en mati\u00e8re d&#8217;emploi peut affecter directement la cotisation mensuelle.<\/p><\/div>\n\t\t\t\t<\/div>\n\t\t\t\t\t\t\t<div class=\"elementor-accordion-item\">\n\t\t\t\t\t<h3 id=\"elementor-tab-title-3304\" class=\"elementor-tab-title\" data-tab=\"4\" role=\"button\" aria-controls=\"elementor-tab-content-3304\" aria-expanded=\"false\">\n\t\t\t\t\t\t\t\t\t\t\t\t\t<span class=\"elementor-accordion-icon elementor-accordion-icon-left\" aria-hidden=\"true\">\n\t\t\t\t\t\t\t\t\t\t\t\t\t\t\t<span class=\"elementor-accordion-icon-closed\"><i class=\"fas fa-plus\"><\/i><\/span>\n\t\t\t\t\t\t\t\t<span class=\"elementor-accordion-icon-opened\"><i class=\"fas fa-minus\"><\/i><\/span>\n\t\t\t\t\t\t\t\t\t\t\t\t\t\t<\/span>\n\t\t\t\t\t\t\t\t\t\t\t\t<a class=\"elementor-accordion-title\" tabindex=\"0\">Un cabinet de conseil peut-il g\u00e9rer les cotisations sociales de mon entreprise ?<\/a>\n\t\t\t\t\t<\/h3>\n\t\t\t\t\t<div id=\"elementor-tab-content-3304\" class=\"elementor-tab-content elementor-clearfix\" data-tab=\"4\" role=\"region\" aria-labelledby=\"elementor-tab-title-3304\"><p>Oui. Un cabinet de conseil en emploi peut se charger de la gestion mensuelle des cotisations sociales, des communications t\u00e9l\u00e9matiques, de la r\u00e9vision des liquidations, de la documentation et des incidents avec la Seguridad Social.<\/p><\/div>\n\t\t\t\t<\/div>\n\t\t\t\t\t\t\t<div class=\"elementor-accordion-item\">\n\t\t\t\t\t<h3 id=\"elementor-tab-title-3305\" class=\"elementor-tab-title\" data-tab=\"5\" role=\"button\" aria-controls=\"elementor-tab-content-3305\" aria-expanded=\"false\">\n\t\t\t\t\t\t\t\t\t\t\t\t\t<span class=\"elementor-accordion-icon elementor-accordion-icon-left\" aria-hidden=\"true\">\n\t\t\t\t\t\t\t\t\t\t\t\t\t\t\t<span class=\"elementor-accordion-icon-closed\"><i class=\"fas fa-plus\"><\/i><\/span>\n\t\t\t\t\t\t\t\t<span class=\"elementor-accordion-icon-opened\"><i class=\"fas fa-minus\"><\/i><\/span>\n\t\t\t\t\t\t\t\t\t\t\t\t\t\t<\/span>\n\t\t\t\t\t\t\t\t\t\t\t\t<a class=\"elementor-accordion-title\" tabindex=\"0\">Travaillez-vous avec des ind\u00e9pendants qui ont des salari\u00e9s ?<\/a>\n\t\t\t\t\t<\/h3>\n\t\t\t\t\t<div id=\"elementor-tab-content-3305\" class=\"elementor-tab-content elementor-clearfix\" data-tab=\"5\" role=\"region\" aria-labelledby=\"elementor-tab-title-3305\"><p>Oui. Nous conseillons les ind\u00e9pendants avec salari\u00e9s, les PME et les entreprises qui ont besoin de g\u00e9rer correctement les bulletins de paie, les cotisations sociales, les contrats, les affiliations, les radiations et les incidents en mati\u00e8re d&#8217;emploi.<\/p><\/div>\n\t\t\t\t<\/div>\n\t\t\t\t\t\t\t\t<\/div>\n\t\t\t\t\t\t<\/div>\n\t\t\t\t<\/div>\n\t\t\t\t\t<\/div>\r\n\t\t\t\t<\/div>\r\n\t\t\t\t\t<\/div>\r\n\t\t\t\t<\/section>\r\n\t\t\t\t<section data-particle_enable=\"false\" data-particle-mobile-disabled=\"false\" class=\"elementor-section elementor-top-section elementor-element elementor-element-33b4085 elementor-section-stretched elementor-section-boxed elementor-section-height-default elementor-section-height-default\" data-id=\"33b4085\" data-element_type=\"section\" data-e-type=\"section\" data-settings=\"{&quot;background_background&quot;:&quot;gradient&quot;,&quot;shape_divider_top&quot;:&quot;waves&quot;,&quot;stretch_section&quot;:&quot;section-stretched&quot;}\">\r\n\t\t\t\t\t\t<div class=\"elementor-background-overlay\"><\/div>\r\n\t\t\t\t\t<div class=\"elementor-shape elementor-shape-top\" data-negative=\"false\">\r\n\t\t\t<svg xmlns=\"http:\/\/www.w3.org\/2000\/svg\" viewBox=\"0 0 1000 100\" preserveAspectRatio=\"none\">\n\t<path class=\"elementor-shape-fill\" d=\"M421.9,6.5c22.6-2.5,51.5,0.4,75.5,5.3c23.6,4.9,70.9,23.5,100.5,35.7c75.8,32.2,133.7,44.5,192.6,49.7\n\tc23.6,2.1,48.7,3.5,103.4-2.5c54.7-6,106.2-25.6,106.2-25.6V0H0v30.3c0,0,72,32.6,158.4,30.5c39.2-0.7,92.8-6.7,134-22.4\n\tc21.2-8.1,52.2-18.2,79.7-24.2C399.3,7.9,411.6,7.5,421.9,6.5z\"\/>\n<\/svg>\t\t<\/div>\r\n\t\t\r\n\t\t\t\t\t\t\t<div class=\"elementor-container elementor-column-gap-default\">\r\n\t\t\t\t\t\t\t\t\t\t\t<div class=\"elementor-column elementor-col-50 elementor-top-column elementor-element elementor-element-0fbebf4\" data-id=\"0fbebf4\" data-element_type=\"column\" data-e-type=\"column\">\r\n\t\t\t\t\t<div class=\"elementor-widget-wrap elementor-element-populated\">\r\n\t\t\t\t\t\t\t\t<div class=\"elementor-element elementor-element-ed7b19a elementor-widget elementor-widget-heading\" data-id=\"ed7b19a\" data-element_type=\"widget\" data-e-type=\"widget\" data-widget_type=\"heading.default\">\n\t\t\t\t<div class=\"elementor-widget-container\">\n\t\t\t\t\t<p class=\"elementor-heading-title elementor-size-default\">Voulez-vous avoir vos cotisations sociales sous contr\u00f4le ?<\/p>\t\t\t\t<\/div>\n\t\t\t\t<\/div>\n\t\t\t\t<div class=\"elementor-element elementor-element-ea603c1 elementor-widget elementor-widget-heading\" data-id=\"ea603c1\" data-element_type=\"widget\" data-e-type=\"widget\" data-widget_type=\"heading.default\">\n\t\t\t\t<div class=\"elementor-widget-container\">\n\t\t\t\t\t<p class=\"elementor-heading-title elementor-size-default\">Nous vous aidons \u00e0 g\u00e9rer les cotisations, les liquidations, la documentation et les incidents avec la Seguridad Social, avec un conseil en emploi de proximit\u00e9 coordonn\u00e9 avec les besoins r\u00e9els de votre entreprise.\n<\/p>\t\t\t\t<\/div>\n\t\t\t\t<\/div>\n\t\t\t\t\t<\/div>\r\n\t\t\t\t<\/div>\r\n\t\t\t\t<div class=\"elementor-column elementor-col-50 elementor-top-column elementor-element elementor-element-bcfb251\" data-id=\"bcfb251\" data-element_type=\"column\" data-e-type=\"column\">\r\n\t\t\t\t\t<div class=\"elementor-widget-wrap elementor-element-populated\">\r\n\t\t\t\t\t\t\t\t<div class=\"elementor-element elementor-element-33852aa elementor-widget elementor-widget-image\" data-id=\"33852aa\" data-element_type=\"widget\" data-e-type=\"widget\" data-settings=\"{&quot;motion_fx_motion_fx_scrolling&quot;:&quot;yes&quot;,&quot;motion_fx_translateY_effect&quot;:&quot;yes&quot;,&quot;motion_fx_translateY_direction&quot;:&quot;negative&quot;,&quot;motion_fx_translateY_speed&quot;:{&quot;unit&quot;:&quot;px&quot;,&quot;size&quot;:&quot;1&quot;,&quot;sizes&quot;:[]},&quot;motion_fx_devices&quot;:[&quot;desktop&quot;,&quot;tablet&quot;],&quot;motion_fx_translateY_affectedRange&quot;:{&quot;unit&quot;:&quot;%&quot;,&quot;size&quot;:&quot;&quot;,&quot;sizes&quot;:{&quot;start&quot;:&quot;0&quot;,&quot;end&quot;:&quot;50&quot;}}}\" data-widget_type=\"image.default\">\n\t\t\t\t<div class=\"elementor-widget-container\">\n\t\t\t\t\t\t\t\t\t\t\t\t\t\t\t<img loading=\"lazy\" decoding=\"async\" width=\"1000\" height=\"667\" src=\"https:\/\/www.asesoriaorihuelacosta.com\/wp-content\/uploads\/2021\/11\/ana.jpeg\" class=\"attachment-full size-full wp-image-3860\" alt=\"\" srcset=\"https:\/\/www.asesoriaorihuelacosta.com\/wp-content\/uploads\/2021\/11\/ana.jpeg 1000w, https:\/\/www.asesoriaorihuelacosta.com\/wp-content\/uploads\/2021\/11\/ana-600x400.jpeg 600w, https:\/\/www.asesoriaorihuelacosta.com\/wp-content\/uploads\/2021\/11\/ana-768x512.jpeg 768w, https:\/\/www.asesoriaorihuelacosta.com\/wp-content\/uploads\/2021\/11\/ana-640x427.jpeg 640w, https:\/\/www.asesoriaorihuelacosta.com\/wp-content\/uploads\/2021\/11\/ana-400x267.jpeg 400w\" sizes=\"auto, (max-width: 1000px) 100vw, 1000px\" \/>\t\t\t\t\t\t\t\t\t\t\t\t\t\t\t<\/div>\n\t\t\t\t<\/div>\n\t\t\t\t\t<\/div>\r\n\t\t\t\t<\/div>\r\n\t\t\t\t\t<\/div>\r\n\t\t\t\t<\/section>\r\n\t\t\t\t<\/div>\n\t\t","protected":false},"excerpt":{"rendered":"","protected":false},"author":0,"featured_media":0,"parent":51805,"menu_order":0,"comment_status":"closed","ping_status":"closed","template":"","meta":{"_eb_attr":"","inline_featured_image":false,"footnotes":""},"class_list":["post-51815","page","type-page","status-publish","hentry"],"yoast_head":"<!-- This site is optimized with the Yoast SEO plugin v28.3 - https:\/\/yoast.com\/product\/yoast-seo-wordpress\/ -->\n<title>Gesti\u00f3n de seguros sociales para empresas - Asesor\u00eda Orihuela Costa<\/title>\n<meta name=\"description\" content=\"Gestionamos los seguros sociales de su empresa: cotizaciones, liquidaciones, Sistema RED, RLC, RNT e incidencias con Seguridad Social.\" \/>\n<meta name=\"robots\" content=\"index, follow, max-snippet:-1, max-image-preview:large, max-video-preview:-1\" \/>\n<link rel=\"canonical\" href=\"https:\/\/www.asesoriaorihuelacosta.com\/fr\/entreprises-et-pme\/cotisations-sociales\/\" \/>\n<meta property=\"og:locale\" content=\"fr_FR\" \/>\n<meta property=\"og:type\" content=\"article\" \/>\n<meta property=\"og:title\" content=\"Gesti\u00f3n de seguros sociales para empresas - Asesor\u00eda Orihuela Costa\" \/>\n<meta property=\"og:description\" content=\"Gestionamos los seguros sociales de su empresa: cotizaciones, liquidaciones, Sistema RED, RLC, RNT e incidencias con Seguridad Social.\" \/>\n<meta property=\"og:url\" content=\"https:\/\/www.asesoriaorihuelacosta.com\/fr\/entreprises-et-pme\/cotisations-sociales\/\" \/>\n<meta property=\"og:site_name\" content=\"Asesor\u00eda Orihuela Costa\" \/>\n<meta property=\"article:publisher\" content=\"https:\/\/www.facebook.com\/asesoriaorihuelacosta\" \/>\n<meta name=\"twitter:card\" content=\"summary_large_image\" \/>\n<meta name=\"twitter:label1\" content=\"Dur\u00e9e de lecture estim\u00e9e\" \/>\n\t<meta name=\"twitter:data1\" content=\"6 minutes\" \/>\n<script type=\"application\/ld+json\" class=\"yoast-schema-graph\">{\"@context\":\"https:\\\/\\\/schema.org\",\"@graph\":[{\"@type\":\"WebPage\",\"@id\":\"https:\\\/\\\/www.asesoriaorihuelacosta.com\\\/fr\\\/entreprises-et-pme\\\/cotisations-sociales\\\/\",\"url\":\"https:\\\/\\\/www.asesoriaorihuelacosta.com\\\/fr\\\/entreprises-et-pme\\\/cotisations-sociales\\\/\",\"name\":\"Gesti\u00f3n de seguros sociales para empresas - Asesor\u00eda Orihuela Costa\",\"isPartOf\":{\"@id\":\"https:\\\/\\\/www.asesoriaorihuelacosta.com\\\/fr\\\/#website\"},\"datePublished\":\"2026-07-20T09:40:15+00:00\",\"description\":\"Gestionamos los seguros sociales de su empresa: cotizaciones, liquidaciones, Sistema RED, RLC, RNT e incidencias con Seguridad Social.\",\"breadcrumb\":{\"@id\":\"https:\\\/\\\/www.asesoriaorihuelacosta.com\\\/fr\\\/entreprises-et-pme\\\/cotisations-sociales\\\/#breadcrumb\"},\"inLanguage\":\"fr-FR\",\"potentialAction\":[{\"@type\":\"ReadAction\",\"target\":[\"https:\\\/\\\/www.asesoriaorihuelacosta.com\\\/fr\\\/entreprises-et-pme\\\/cotisations-sociales\\\/\"]}]},{\"@type\":\"BreadcrumbList\",\"@id\":\"https:\\\/\\\/www.asesoriaorihuelacosta.com\\\/fr\\\/entreprises-et-pme\\\/cotisations-sociales\\\/#breadcrumb\",\"itemListElement\":[{\"@type\":\"ListItem\",\"position\":1,\"name\":\"Home\",\"item\":\"https:\\\/\\\/www.asesoriaorihuelacosta.com\\\/fr\\\/\"},{\"@type\":\"ListItem\",\"position\":2,\"name\":\"Conseil pour entreprises et PME\",\"item\":\"https:\\\/\\\/www.asesoriaorihuelacosta.com\\\/fr\\\/empresas-pymes\\\/\"},{\"@type\":\"ListItem\",\"position\":3,\"name\":\"Cotisations sociales\"}]},{\"@type\":\"WebSite\",\"@id\":\"https:\\\/\\\/www.asesoriaorihuelacosta.com\\\/fr\\\/#website\",\"url\":\"https:\\\/\\\/www.asesoriaorihuelacosta.com\\\/fr\\\/\",\"name\":\"https:\\\/\\\/www.asesoriaorihuelacosta.com\\\/\",\"description\":\"Grupo de asesores profesionales\",\"publisher\":{\"@id\":\"https:\\\/\\\/www.asesoriaorihuelacosta.com\\\/fr\\\/#organization\"},\"potentialAction\":[{\"@type\":\"SearchAction\",\"target\":{\"@type\":\"EntryPoint\",\"urlTemplate\":\"https:\\\/\\\/www.asesoriaorihuelacosta.com\\\/fr\\\/?s={search_term_string}\"},\"query-input\":{\"@type\":\"PropertyValueSpecification\",\"valueRequired\":true,\"valueName\":\"search_term_string\"}}],\"inLanguage\":\"fr-FR\"},{\"@type\":\"Organization\",\"@id\":\"https:\\\/\\\/www.asesoriaorihuelacosta.com\\\/fr\\\/#organization\",\"name\":\"Asesor\u00eda Orihuela Costa\",\"url\":\"https:\\\/\\\/www.asesoriaorihuelacosta.com\\\/fr\\\/\",\"logo\":{\"@type\":\"ImageObject\",\"inLanguage\":\"fr-FR\",\"@id\":\"https:\\\/\\\/www.asesoriaorihuelacosta.com\\\/fr\\\/#\\\/schema\\\/logo\\\/image\\\/\",\"url\":\"https:\\\/\\\/www.asesoriaorihuelacosta.com\\\/wp-content\\\/uploads\\\/2022\\\/06\\\/Logo-espa\u5bf8l-asesoriaorihuela.jpg\",\"contentUrl\":\"https:\\\/\\\/www.asesoriaorihuelacosta.com\\\/wp-content\\\/uploads\\\/2022\\\/06\\\/Logo-espa\u5bf8l-asesoriaorihuela.jpg\",\"width\":588,\"height\":136,\"caption\":\"Asesor\u00eda Orihuela Costa\"},\"image\":{\"@id\":\"https:\\\/\\\/www.asesoriaorihuelacosta.com\\\/fr\\\/#\\\/schema\\\/logo\\\/image\\\/\"},\"sameAs\":[\"https:\\\/\\\/www.facebook.com\\\/asesoriaorihuelacosta\"]}]}<\/script>\n<!-- \/ Yoast SEO plugin. -->","yoast_head_json":{"title":"Gesti\u00f3n de seguros sociales para empresas - Asesor\u00eda Orihuela Costa","description":"Gestionamos los seguros sociales de su empresa: cotizaciones, liquidaciones, Sistema RED, RLC, RNT e incidencias con Seguridad Social.","robots":{"index":"index","follow":"follow","max-snippet":"max-snippet:-1","max-image-preview":"max-image-preview:large","max-video-preview":"max-video-preview:-1"},"canonical":"https:\/\/www.asesoriaorihuelacosta.com\/fr\/entreprises-et-pme\/cotisations-sociales\/","og_locale":"fr_FR","og_type":"article","og_title":"Gesti\u00f3n de seguros sociales para empresas - Asesor\u00eda Orihuela Costa","og_description":"Gestionamos los seguros sociales de su empresa: cotizaciones, liquidaciones, Sistema RED, RLC, RNT e incidencias con Seguridad Social.","og_url":"https:\/\/www.asesoriaorihuelacosta.com\/fr\/entreprises-et-pme\/cotisations-sociales\/","og_site_name":"Asesor\u00eda Orihuela Costa","article_publisher":"https:\/\/www.facebook.com\/asesoriaorihuelacosta","twitter_card":"summary_large_image","twitter_misc":{"Dur\u00e9e de lecture estim\u00e9e":"6 minutes"},"schema":{"@context":"https:\/\/schema.org","@graph":[{"@type":"WebPage","@id":"https:\/\/www.asesoriaorihuelacosta.com\/fr\/entreprises-et-pme\/cotisations-sociales\/","url":"https:\/\/www.asesoriaorihuelacosta.com\/fr\/entreprises-et-pme\/cotisations-sociales\/","name":"Gesti\u00f3n de seguros sociales para empresas - Asesor\u00eda Orihuela Costa","isPartOf":{"@id":"https:\/\/www.asesoriaorihuelacosta.com\/fr\/#website"},"datePublished":"2026-07-20T09:40:15+00:00","description":"Gestionamos los seguros sociales de su empresa: cotizaciones, liquidaciones, Sistema RED, RLC, RNT e incidencias con Seguridad Social.","breadcrumb":{"@id":"https:\/\/www.asesoriaorihuelacosta.com\/fr\/entreprises-et-pme\/cotisations-sociales\/#breadcrumb"},"inLanguage":"fr-FR","potentialAction":[{"@type":"ReadAction","target":["https:\/\/www.asesoriaorihuelacosta.com\/fr\/entreprises-et-pme\/cotisations-sociales\/"]}]},{"@type":"BreadcrumbList","@id":"https:\/\/www.asesoriaorihuelacosta.com\/fr\/entreprises-et-pme\/cotisations-sociales\/#breadcrumb","itemListElement":[{"@type":"ListItem","position":1,"name":"Home","item":"https:\/\/www.asesoriaorihuelacosta.com\/fr\/"},{"@type":"ListItem","position":2,"name":"Conseil pour entreprises et PME","item":"https:\/\/www.asesoriaorihuelacosta.com\/fr\/empresas-pymes\/"},{"@type":"ListItem","position":3,"name":"Cotisations sociales"}]},{"@type":"WebSite","@id":"https:\/\/www.asesoriaorihuelacosta.com\/fr\/#website","url":"https:\/\/www.asesoriaorihuelacosta.com\/fr\/","name":"https:\/\/www.asesoriaorihuelacosta.com\/","description":"Grupo de asesores profesionales","publisher":{"@id":"https:\/\/www.asesoriaorihuelacosta.com\/fr\/#organization"},"potentialAction":[{"@type":"SearchAction","target":{"@type":"EntryPoint","urlTemplate":"https:\/\/www.asesoriaorihuelacosta.com\/fr\/?s={search_term_string}"},"query-input":{"@type":"PropertyValueSpecification","valueRequired":true,"valueName":"search_term_string"}}],"inLanguage":"fr-FR"},{"@type":"Organization","@id":"https:\/\/www.asesoriaorihuelacosta.com\/fr\/#organization","name":"Asesor\u00eda Orihuela Costa","url":"https:\/\/www.asesoriaorihuelacosta.com\/fr\/","logo":{"@type":"ImageObject","inLanguage":"fr-FR","@id":"https:\/\/www.asesoriaorihuelacosta.com\/fr\/#\/schema\/logo\/image\/","url":"https:\/\/www.asesoriaorihuelacosta.com\/wp-content\/uploads\/2022\/06\/Logo-espa\u5bf8l-asesoriaorihuela.jpg","contentUrl":"https:\/\/www.asesoriaorihuelacosta.com\/wp-content\/uploads\/2022\/06\/Logo-espa\u5bf8l-asesoriaorihuela.jpg","width":588,"height":136,"caption":"Asesor\u00eda Orihuela Costa"},"image":{"@id":"https:\/\/www.asesoriaorihuelacosta.com\/fr\/#\/schema\/logo\/image\/"},"sameAs":["https:\/\/www.facebook.com\/asesoriaorihuelacosta"]}]}},"_links":{"self":[{"href":"https:\/\/www.asesoriaorihuelacosta.com\/fr\/wp-json\/wp\/v2\/pages\/51815","targetHints":{"allow":["GET"]}}],"collection":[{"href":"https:\/\/www.asesoriaorihuelacosta.com\/fr\/wp-json\/wp\/v2\/pages"}],"about":[{"href":"https:\/\/www.asesoriaorihuelacosta.com\/fr\/wp-json\/wp\/v2\/types\/page"}],"replies":[{"embeddable":true,"href":"https:\/\/www.asesoriaorihuelacosta.com\/fr\/wp-json\/wp\/v2\/comments?post=51815"}],"version-history":[{"count":0,"href":"https:\/\/www.asesoriaorihuelacosta.com\/fr\/wp-json\/wp\/v2\/pages\/51815\/revisions"}],"up":[{"embeddable":true,"href":"https:\/\/www.asesoriaorihuelacosta.com\/fr\/wp-json\/wp\/v2\/pages\/51805"}],"wp:attachment":[{"href":"https:\/\/www.asesoriaorihuelacosta.com\/fr\/wp-json\/wp\/v2\/media?parent=51815"}],"curies":[{"name":"wp","href":"https:\/\/api.w.org\/{rel}","templated":true}]}}